{"id":3423,"date":"2021-05-18T09:17:35","date_gmt":"2021-05-18T07:17:35","guid":{"rendered":"https:\/\/www.c6-tooling.de\/kuenye\/"},"modified":"2021-05-18T09:17:35","modified_gmt":"2021-05-18T07:17:35","slug":"kuenye","status":"publish","type":"page","link":"https:\/\/www.c6-tooling.de\/tr\/kuenye\/","title":{"rendered":"K\u00fcnye"},"content":{"rendered":"<p>[vc_row css_animation=&#8221;&#8221; row_type=&#8221;row&#8221; use_row_as_full_screen_section=&#8221;no&#8221; type=&#8221;grid&#8221; angled_section=&#8221;no&#8221; text_align=&#8221;left&#8221; background_image_as_pattern=&#8221;without_pattern&#8221; padding_top=&#8221;100&#8243; padding_bottom=&#8221;150&#8243; z_index=&#8221;&#8221;][vc_column][vc_row_inner row_type=&#8221;row&#8221; type=&#8221;full_width&#8221; text_align=&#8221;left&#8221; padding_bottom=&#8221;50&#8243; css_animation=&#8221;&#8221;][vc_column_inner width=&#8221;1\/2&#8243;][vc_column_text]<\/p>\n<h5> Sec&#8217;e g\u00f6re sa\u011flanan bilgiler. 5 Alman Telemedia Yasas\u0131 (TMG) <\/h5>\n<p>C6 Composite Tooling GmbH<br \/>\nCarl-Benz-Str. 25<br \/>\n74722 Buchen | Almanya<\/p>\n<p>&#038; nbsp;<\/p>\n<h5> Temsil eden <\/h5>\n<p>CEO: Sebastian Herkert, Claus Stoll<\/p>\n<p>&#038; nbsp;<\/p>\n<h5> \u0130leti\u015fim <\/h5>\n<p>Telefon: +49 6281 528129<br \/>\nTelefaks: +49 6281 528188<br \/>\nE-posta: <a href=\"mailto:info@c6-tooling.de\"> info@c6-tooling.de <\/a><\/p>\n<p>&#038; nbsp;<\/p>\n<h5> Giri\u015fi kaydettir <\/h5>\n<p>Ticaret siciline giri\u015f.<br \/>\nTescil mahkemesi: Amtsgerichts Mannheim<br \/>\nKay\u0131t numaras\u0131: HRB 721488[\/vc_column_text][\/vc_column_inner][vc_column_inner width=&#8221;1\/2&#8243;][vc_column_text]<\/p>\n<h5> KDV <\/h5>\n<p>Sec&#8217;e g\u00f6re KDV kimlik numaras\u0131. 27 a Alman Katma De\u011fer Vergisi Yasas\u0131:<br \/>\nDE298185721<\/p>\n<p>&#038; nbsp;<\/p>\n<h5> Anla\u015fmazl\u0131k \u00e7\u00f6z\u00fcm\u00fc <\/h5>\n<p>T\u00fcketici tahkim kurullar\u0131nda \u00e7evrimi\u00e7i uyu\u015fmazl\u0131k \u00e7\u00f6z\u00fcmlerine kat\u0131lmay\u0131z.<\/p>\n<p>&#038; nbsp;<\/p>\n<h5> Konsept, Tasar\u0131m &#038; amp; Programlama <\/h5>\n<p><a href=\"https:\/\/www.systemhaus-joam.de\" target=\"_blank\" rel=\"noopener\"> www.systemhaus-joam.de <\/a><\/p>\n<p>&#038; nbsp;<\/p>\n<h5> Resim Lisanslama <\/h5>\n<p><a href=\"https:\/\/www.istockphoto.com\/de?SearchLang=DE&amp;Currency=3&amp;lang=DE&amp;FromDomain=DE\" target=\"_blank\" rel=\"noopener\"> istockphotos.com <\/ a ><br \/>\n<a href=\"https:\/\/www.shutterstock.com\/home\" target=\"_blank\" rel=\"noopener\"> shutterstock.com <\/a><br \/>\n<a href=\"https:\/\/www.thorsten-hennig-fotografie.de\/\" target=\"_blank\" rel=\"noopener\"> Thorsten Hennig Fotografie <\/a><br \/>\nC6 Composite Tooling GmbH[\/vc_column_text][\/vc_column_inner][\/vc_row_inner][vc_row_inner row_type=&#8221;row&#8221; type=&#8221;full_width&#8221; text_align=&#8221;left&#8221; css_animation=&#8221;&#8221;][vc_column_inner][vc_column_text]<\/p>\n<h5> \u0130\u00e7erik Sorumlulu\u011fu <\/h5>\n<p>Hizmet sa\u011flay\u0131c\u0131lar olarak, Sec uyar\u0131nca bu web sitelerinin kendi i\u00e7eriklerinden sorumluyuz. 7, paragraf 1 Alman Telemedia Yasas\u0131 (TMG). Ancak Sec&#8217;e g\u00f6re. 8 ila 10 Alman Telemedia Yasas\u0131 (TMG), hizmet sa\u011flay\u0131c\u0131lar\u0131n g\u00f6nderilen veya saklanan bilgileri kal\u0131c\u0131 olarak izlemek veya yasa d\u0131\u015f\u0131 etkinlikleri g\u00f6steren kan\u0131tlar\u0131 aramak zorunda de\u011fildir.<\/p>\n<p>Bilgilerin kald\u0131r\u0131lmas\u0131na veya bilgilerin kullan\u0131m\u0131n\u0131n engellenmesine y\u00f6nelik yasal y\u00fck\u00fcml\u00fcl\u00fckler tart\u0131\u015f\u0131lmaz. Bu durumda, sorumluluk ancak belirli bir yasa ihlali hakk\u0131nda bilgi sahibi olunmas\u0131 durumunda m\u00fcmk\u00fcnd\u00fcr. Yasad\u0131\u015f\u0131 i\u00e7erikler, bunlardan haberdar oldu\u011fumuz anda derhal kald\u0131r\u0131lacakt\u0131r.<\/p>\n<p>&#038; nbsp;<\/p>\n<p>&#038; nbsp;<\/p>\n<h5> Ba\u011flant\u0131 Sorumlulu\u011fu <\/h5>\n<p>Teklifimiz, harici \u00fc\u00e7\u00fcnc\u00fc taraf web sitelerine ba\u011flant\u0131lar i\u00e7erir. Bu web sitelerinin i\u00e7erikleri \u00fczerinde hi\u00e7bir etkimiz yoktur, bu nedenle bu i\u00e7erikleri garanti edemeyiz. Ba\u011flant\u0131l\u0131 web sitelerinin sa\u011flay\u0131c\u0131lar\u0131 veya y\u00f6neticileri her zaman kendi i\u00e7eriklerinden sorumludur.<\/p>\n<p>Ba\u011flant\u0131 verilen web siteleri, ba\u011flant\u0131n\u0131n kuruldu\u011fu s\u0131rada olas\u0131 yasa ihlallerine kar\u015f\u0131 kontrol edilmi\u015ftir. Ba\u011flanma an\u0131nda yasad\u0131\u015f\u0131 i\u00e7erik tespit edilmedi. Ba\u011flant\u0131l\u0131 web sitelerinin i\u00e7eriklerinin kal\u0131c\u0131 olarak izlenmesi, bir yasa ihlali oldu\u011funa dair makul g\u00f6stergeler olmaks\u0131z\u0131n uygulanamaz. Yasad\u0131\u015f\u0131 ba\u011flant\u0131lar, onlardan haberdar oldu\u011fumuz anda derhal kald\u0131r\u0131lacakt\u0131r.<\/p>\n<p>&#038; nbsp;<\/p>\n<p>&#038; nbsp;<\/p>\n<h5> Telif Hakk\u0131 <\/h5>\n<p>Sa\u011flay\u0131c\u0131lar taraf\u0131ndan bu web sitelerinde yay\u0131nlanan i\u00e7erik ve derlemeler Alman telif hakk\u0131 yasalar\u0131na tabidir. Telif hakk\u0131 kanununun kapsam\u0131 d\u0131\u015f\u0131nda kalan her t\u00fcrl\u00fc kullan\u0131m\u0131, \u00e7o\u011falt\u0131lmas\u0131, d\u00fczenlenmesi, da\u011f\u0131t\u0131lmas\u0131, yazar\u0131n veya yarat\u0131c\u0131n\u0131n yaz\u0131l\u0131 iznini gerektirir. Bu web sitelerinin indirilmesine ve kopyalar\u0131na yaln\u0131zca \u00f6zel kullan\u0131m i\u00e7in izin verilir.<br \/>\nOlu\u015fturan\u0131n izni olmadan i\u00e7eriklerimizin ticari kullan\u0131m\u0131 yasakt\u0131r.<\/p>\n<p>\u00dc\u00e7\u00fcnc\u00fc \u015fah\u0131slar\u0131n telif hakk\u0131 yasalar\u0131na, bu web sitelerindeki i\u00e7erik sa\u011flay\u0131c\u0131ya ait olmad\u0131\u011f\u0131 s\u00fcrece sayg\u0131 g\u00f6sterilir. Bu sitedeki \u00fc\u00e7\u00fcnc\u00fc \u015fah\u0131slar\u0131n katk\u0131lar\u0131 bu \u015fekilde belirtilmi\u015ftir. Bununla birlikte, herhangi bir telif hakk\u0131 yasas\u0131 ihlalini fark ederseniz, l\u00fctfen bizi bilgilendirin. Bu t\u00fcr i\u00e7erikler derhal kald\u0131r\u0131lacakt\u0131r.[\/vc_column_text][\/vc_column_inner][\/vc_row_inner][\/vc_column][\/vc_row]<\/p>\n","protected":false},"excerpt":{"rendered":"<p>[vc_row css_animation=&#8221;&#8221; row_type=&#8221;row&#8221; use_row_as_full_screen_section=&#8221;no&#8221; type=&#8221;grid&#8221; angled_section=&#8221;no&#8221; text_align=&#8221;left&#8221; background_image_as_pattern=&#8221;without_pattern&#8221; padding_top=&#8221;100&#8243; padding_bottom=&#8221;150&#8243; z_index=&#8221;&#8221;][vc_column][vc_row_inner row_type=&#8221;row&#8221; type=&#8221;full_width&#8221; text_align=&#8221;left&#8221; padding_bottom=&#8221;50&#8243; css_animation=&#8221;&#8221;][vc_column_inner width=&#8221;1\/2&#8243;][vc_column_text] Sec&#8217;e g\u00f6re sa\u011flanan bilgiler. 5 Alman Telemedia Yasas\u0131 (TMG) C6 Composite Tooling GmbH Carl-Benz-Str. 25 74722 Buchen | Almanya &#038; nbsp; Temsil eden CEO: Sebastian Herkert, Claus Stoll&#8230;<\/p>\n","protected":false},"author":1,"featured_media":0,"parent":0,"menu_order":0,"comment_status":"closed","ping_status":"closed","template":"full_width.php","meta":{"inline_featured_image":false,"footnotes":""},"_links":{"self":[{"href":"https:\/\/www.c6-tooling.de\/tr\/wp-json\/wp\/v2\/pages\/3423"}],"collection":[{"href":"https:\/\/www.c6-tooling.de\/tr\/wp-json\/wp\/v2\/pages"}],"about":[{"href":"https:\/\/www.c6-tooling.de\/tr\/wp-json\/wp\/v2\/types\/page"}],"author":[{"embeddable":true,"href":"https:\/\/www.c6-tooling.de\/tr\/wp-json\/wp\/v2\/users\/1"}],"replies":[{"embeddable":true,"href":"https:\/\/www.c6-tooling.de\/tr\/wp-json\/wp\/v2\/comments?post=3423"}],"version-history":[{"count":2,"href":"https:\/\/www.c6-tooling.de\/tr\/wp-json\/wp\/v2\/pages\/3423\/revisions"}],"predecessor-version":[{"id":3425,"href":"https:\/\/www.c6-tooling.de\/tr\/wp-json\/wp\/v2\/pages\/3423\/revisions\/3425"}],"wp:attachment":[{"href":"https:\/\/www.c6-tooling.de\/tr\/wp-json\/wp\/v2\/media?parent=3423"}],"curies":[{"name":"wp","href":"https:\/\/api.w.org\/{rel}","templated":true}]}}